{"id":11670,"date":"2015-01-16T10:56:46","date_gmt":"2015-01-16T09:56:46","guid":{"rendered":"http:\/\/www.manologarciaycia.com\/?post_type=ajde_events&#038;p=11670"},"modified":"2015-01-29T17:11:24","modified_gmt":"2015-01-29T16:11:24","slug":"ricardo-marin-concierto-madrid","status":"publish","type":"ajde_events","link":"https:\/\/www.manologarciaycia.com\/?ajde_events=ricardo-marin-concierto-madrid","title":{"rendered":"Ricardo Mar\u00edn &#8211; Concierto &#8211; Madrid (con Manolo Garc\u00eda!)"},"content":{"rendered":"<p>Concierto de RICARDO MAR\u00cdN el pr\u00f3ximo 11 de marzo 2015 en Joy Eslava (Madrid), para la grabaci\u00f3n de su segundo disco, a parte de una reuni\u00f3n de amigos, m\u00fasicos, artistas que le han querido acompa\u00f1ar en este \u00abconcierto especial\u00bb para celebrar mis 25 a\u00f1os en los escenarios.<\/p>\n<p>Ricardo Mar\u00edn cumple 25 a\u00f1os en el mundo de la m\u00fasica. Es sin duda uno de los guitarristas m\u00e1s importantes para entender la m\u00fasica espa\u00f1ola de los \u00faltimos a\u00f1os. Lo hemos podido ver al lado de artistas como Miguel R\u00edos, Raimundo Amador, David Summers, Manolo Garc\u00eda, Los Secretos, Ariel Rot, \u2026Muchos de estos artistas, se unen a esta fiesta de la m\u00fasica el 11 de Marzo en la Joy para estar al lado de Ricardo y colaborar con \u00e9l en el concierto. Ricardo presentar\u00e1 sus propias canciones, grabar\u00e1 en directo el disco DVD \u201cBuenas intenciones\u201d y a buen seguro habr\u00e1n muchos gui\u00f1os musicales a los artistas a los que ha estado acompa\u00f1ando durante este tiempo. Magia, sorpresas y muy buena m\u00fasica para una noche \u00fanica e irrepetible.<\/p>\n<p>\u00abEspero vuestro apoyo y que decir tiene que os espero con los brazos abiertos para celebrar una noche muy especial para m\u00ed. MUCHAS GRACIAS&#8230;\u00bb<\/p>\n<p><center>MANOLO GARC\u00cdA tambi\u00e9n estar\u00e1 en este concierto de Ricardo Mar\u00edn<\/center><\/p>\n<p><u><strong>ARTISTAS INVITADOS:<\/strong><\/u><br \/>\nManolo Garc\u00eda<br \/>\nMiguel Rios<br \/>\nLos Secretos<br \/>\nRaimundo Amador<br \/>\nAriel Rot<br \/>\nDavid Summers<br \/>\nNacho G\u00aa Vega<br \/>\nO\u00b4Funk\u00b4\u00edllo<br \/>\nm\u00e1s por confirmar<\/p>\n<p><b><u>LA BANDA:<\/b><\/u><br \/>\nAnye Bao-bater\u00eda<br \/>\nLuis Dulzaides-Percusi\u00f3n<br \/>\nPaco Bastante-Bajo y coros<br \/>\nSatur Rodr\u00edguez-Guitarra y coros<br \/>\nMikki Nilsen-Guitarra y coros<br \/>\nNacho Lesko-Teclados y coros<br \/>\nBasilio MartiTeclados<br \/>\nDave Lerman-Saxo.guitarra y arreglos de metal<br \/>\nToni Mart\u00edn-Tromb\u00f3n.<br \/>\nPepe Rinc\u00f3n-Trompeta<br \/>\nCharly Sard\u00e1 ( Bater\u00eda ) -Invitado<br \/>\nTito Davila -teclados (invitado)<br \/>\nJuanjo Ramos-bajo (invitado)<br \/>\nFernando Ill\u00e1n Presa -bajo (invitado)<\/p>\n<p>Producci\u00f3n artistica: Carlos Narea<\/p>\n<p>Entradas en: http:\/\/www.cantauticket.com\/Ricardo-Marin-Madrid-Joy-Eslava-Conciertos-Concierto-11-Mar-2015_show_1273.html#.VMjUJGiG_0w<\/p>\n<p>Evento en Facebook: https:\/\/www.facebook.com\/events\/769989313089967\/<\/p>\n<p>Ricardo Mar\u00edn cumple 25 a\u00f1os en el mundo de la m\u00fasica. Es sin duda uno de los guitarristas m\u00e1s importantes para entender la m\u00fasica espa\u00f1ola de los \u00faltimos a\u00f1os. Lo hemos podido ver al lado de artistas como Miguel R\u00edos, Raimundo Amador, David Summers, Manolo Garc\u00eda, Los Secretos, Ariel Rot, \u2026Muchos de estos artistas, se unen a esta fiesta de la m\u00fasica el 11 de Marzo en la Joy para estar al lado de Ricardo y colaborar con \u00e9l en el concierto. Ricardo presentar\u00e1 sus propias canciones, grabar\u00e1 en directo el disco DVD \u201cBuenas intenciones\u201d y a buen seguro habr\u00e1n muchos gui\u00f1os musicales a los artistas a los que ha estado acompa\u00f1ando durante este tiempo. Magia, sorpresas y muy buena m\u00fasica para una noche \u00fanica e irrepetible.<\/p>\n<p>#RicardoMar\u00edn #JoyEslava #LOSSECRETOS #MiguelR\u00edos #RaimundoAmador #DavidSummers #NachoGarc\u00edaVega #O&#8217;funk&#8217;illo #LesNitsdelesArts<\/p>\n","protected":false},"author":2,"featured_media":11844,"menu_order":0,"comment_status":"closed","ping_status":"closed","template":"","meta":[],"tags":[],"event_type":[345,427,443,344],"event_type_2":[],"class_list":["post-11670","ajde_events","type-ajde_events","status-publish","has-post-thumbnail","hentry","event_location-joy-eslava","event_organizer-ricardo-marin","event_type-conciertos-ricardo-marin","event_type-conciertos-maine-coon-manolo-garcia","event_type-manolo-garcia","event_type-ricardo-marin"],"_links":{"self":[{"href":"https:\/\/www.manologarciaycia.com\/index.php?rest_route=\/wp\/v2\/ajde_events\/11670","targetHints":{"allow":["GET"]}}],"collection":[{"href":"https:\/\/www.manologarciaycia.com\/index.php?rest_route=\/wp\/v2\/ajde_events"}],"about":[{"href":"https:\/\/www.manologarciaycia.com\/index.php?rest_route=\/wp\/v2\/types\/ajde_events"}],"author":[{"embeddable":true,"href":"https:\/\/www.manologarciaycia.com\/index.php?rest_route=\/wp\/v2\/users\/2"}],"replies":[{"embeddable":true,"href":"https:\/\/www.manologarciaycia.com\/index.php?rest_route=%2Fwp%2Fv2%2Fcomments&post=11670"}],"wp:featuredmedia":[{"embeddable":true,"href":"https:\/\/www.manologarciaycia.com\/index.php?rest_route=\/wp\/v2\/media\/11844"}],"wp:attachment":[{"href":"https:\/\/www.manologarciaycia.com\/index.php?rest_route=%2Fwp%2Fv2%2Fmedia&parent=11670"}],"wp:term":[{"taxonomy":"post_tag","embeddable":true,"href":"https:\/\/www.manologarciaycia.com\/index.php?rest_route=%2Fwp%2Fv2%2Ftags&post=11670"},{"taxonomy":"event_type","embeddable":true,"href":"https:\/\/www.manologarciaycia.com\/index.php?rest_route=%2Fwp%2Fv2%2Fevent_type&post=11670"},{"taxonomy":"event_type_2","embeddable":true,"href":"https:\/\/www.manologarciaycia.com\/index.php?rest_route=%2Fwp%2Fv2%2Fevent_type_2&post=11670"}],"curies":[{"name":"wp","href":"https:\/\/api.w.org\/{rel}","templated":true}]}}